{"id":12476,"date":"2025-03-04T14:18:29","date_gmt":"2025-03-04T13:18:29","guid":{"rendered":"https:\/\/saate.es\/tabique-pluvial-con-placa-p15-saate\/"},"modified":"2025-03-20T12:34:39","modified_gmt":"2025-03-20T11:34:39","slug":"tabique-pluvial-con-placa-p15-saate","status":"publish","type":"page","link":"https:\/\/saate.es\/ca\/sistemes\/enva-pluvial\/placa-p15-saate\/","title":{"rendered":"Env\u00e0 Pluvial amb Placa P15-SAATE"},"content":{"rendered":"<p>[et_pb_section fb_built=&#8221;1&#8243; _builder_version=&#8221;4.16&#8243; global_colors_info=&#8221;{}&#8221;][et_pb_row column_structure=&#8221;1_2,1_2&#8243; _builder_version=&#8221;4.16&#8243; background_size=&#8221;initial&#8221; background_position=&#8221;top_left&#8221; background_repeat=&#8221;repeat&#8221; global_colors_info=&#8221;{}&#8221;][et_pb_column type=&#8221;1_2&#8243; _builder_version=&#8221;4.16&#8243; custom_padding=&#8221;|||&#8221; global_colors_info=&#8221;{}&#8221; custom_padding__hover=&#8221;|||&#8221;][et_pb_image src=&#8221;https:\/\/saate.es\/wp-content\/uploads\/2025\/03\/P12-Bobina-materia-prima-1.jpg&#8221; title_text=&#8221;P12-Bobina materia prima&#8221; align_tablet=&#8221;center&#8221; align_phone=&#8221;center&#8221; align_last_edited=&#8221;on|desktop&#8221; disabled_on=&#8221;on|off|off&#8221; module_class=&#8221;imatgesColumnaEsquerra&#8221; _builder_version=&#8221;4.27.4&#8243; global_colors_info=&#8221;{}&#8221;][\/et_pb_image][et_pb_image src=&#8221;https:\/\/saate.es\/wp-content\/uploads\/2025\/03\/P15-SAATE.jpg&#8221; title_text=&#8221;P15 &#8211; SAATE&#8221; align_tablet=&#8221;center&#8221; align_phone=&#8221;center&#8221; align_last_edited=&#8221;on|desktop&#8221; disabled_on=&#8221;off|off|off&#8221; module_class=&#8221;imatgesColumnaEsquerra&#8221; _builder_version=&#8221;4.27.4&#8243; global_colors_info=&#8221;{}&#8221;][\/et_pb_image][et_pb_image src=&#8221;https:\/\/saate.es\/wp-content\/uploads\/2025\/01\/lisa-prelacada2.jpg&#8221; title_text=&#8221;Lisa Prelacada2&#8243; align_tablet=&#8221;center&#8221; align_phone=&#8221;center&#8221; align_last_edited=&#8221;on|desktop&#8221; disabled_on=&#8221;off|off|off&#8221; module_class=&#8221;imatgesColumnaEsquerra&#8221; _builder_version=&#8221;4.27.4&#8243; global_colors_info=&#8221;{}&#8221;][\/et_pb_image][\/et_pb_column][et_pb_column type=&#8221;1_2&#8243; _builder_version=&#8221;4.16&#8243; custom_padding=&#8221;|||&#8221; global_colors_info=&#8221;{}&#8221; custom_padding__hover=&#8221;|||&#8221;][et_pb_text _builder_version=&#8221;4.27.4&#8243; global_colors_info=&#8221;{}&#8221;]<\/p>\n<h2 style=\"text-align: justify;\">Descripci\u00f3 de l&#8217;Env\u00e0 Pluvial amb Placa P15-SAATE<\/h2>\n<p>&nbsp;<\/p>\n<p style=\"text-align: justify;\">El sistema d&#8217;Env\u00e0 Pluvial amb Placa P15-SAATE ha estat dissenyat per oferir una soluci\u00f3 est\u00e8tica i funcional en tancaments exteriors. \u00c9s una placa d&#8217;acer galvanitzat prelacat, fabricada \u00edntegrament a Espanya sota estrictes est\u00e0ndards de qualitat.<\/p>\n<p style=\"text-align: justify;\">A difer\u00e8ncia d&#8217;altres sistemes, la Placa P15-SAATE no genera una c\u00e0mera d&#8217;aire ventilada, proporcionant un tancament continu i eficient. La seva instal\u00b7laci\u00f3 sempre en disposici\u00f3 horitzontal i el seu acabat llis li confereixen una est\u00e8tica m\u00e9s neta i moderna en comparaci\u00f3 amb altres tipus de plaques met\u00e0l\u00b7liques.<\/p>\n<p>&nbsp;<\/p>\n<h2 style=\"text-align: justify;\">Qu\u00e8 \u00e9s la Placa P15-SAATE?<\/h2>\n<p>&nbsp;<\/p>\n<p style=\"text-align: justify;\">La Placa P15-SAATE \u00e9s una xapa d&#8217;acer galvanitzat prelacada de 0,6 mm de gruix, dissenyada espec\u00edficament per al seu \u00fas en envans pluvials. El seu acabat llis i la disposici\u00f3 horitzontal fan que sigui una opci\u00f3 visualment m\u00e9s atractiva i uniforme en comparaci\u00f3 amb la Placa P12-SAATE.<\/p>\n<p>&nbsp;<\/p>\n<h2 style=\"text-align: justify;\">Aquest material destaca per:<\/h2>\n<p>&nbsp;<\/p>\n<ul>\n<li><span style=\"font-size: 18px;\">Fabricaci\u00f3 nacional: Dissenyat i produ\u00eft a Espanya amb els m\u00e9s alts est\u00e0ndards de qualitat.<\/span><\/li>\n<li><span style=\"font-size: 18px;\">Superf\u00edcie llisa: Millora l&#8217;est\u00e8tica del tancament, oferint un acabat m\u00e9s uniforme i elegant.<\/span><\/li>\n<li><span style=\"font-size: 18px;\">Instal\u00b7laci\u00f3 en horitzontal: Proporciona un disseny m\u00e9s modern i homogeni a la fa\u00e7ana.<\/span><\/li>\n<li><span style=\"font-size: 18px;\">Alta resist\u00e8ncia a la corrosi\u00f3: Gr\u00e0cies al seu proc\u00e9s de galvanitzaci\u00f3 i recobriment prelacat.<\/span><\/li>\n<li><span style=\"font-size: 18px;\">Personalitzaci\u00f3 de colors: Disponible en blanc, gris, sorra i vermell salm\u00f3 com a opcions est\u00e0ndard, amb possibilitat d&#8217;altres colors sota comanda.<\/span><\/li>\n<li><span style=\"font-size: 18px;\">Durabilitat i baix manteniment: La seva estructura robusta i la seva superf\u00edcie prelacada garanteixen una llarga vida \u00fatil amb m\u00ednim manteniment.<\/span><\/li>\n<\/ul>\n<p>&nbsp;<\/p>\n<div class=\"gold_box\"><a href=\"\/detalles-tecnicos\/ficha-tecnica-tabique-pluvial-p15-saate.pdf\" target=\"_new\">Veure fitxa t\u00e8cnica<\/a><\/div>\n<p>[\/et_pb_text][\/et_pb_column][\/et_pb_row][et_pb_row disabled_on=&#8221;off|off|off&#8221; _builder_version=&#8221;4.16&#8243; background_size=&#8221;initial&#8221; background_position=&#8221;top_left&#8221; background_repeat=&#8221;repeat&#8221; global_colors_info=&#8221;{}&#8221;][et_pb_column type=&#8221;4_4&#8243; _builder_version=&#8221;4.16&#8243; custom_padding=&#8221;|||&#8221; global_colors_info=&#8221;{}&#8221; custom_padding__hover=&#8221;|||&#8221;][et_pb_image src=&#8221;https:\/\/saate.es\/wp-content\/uploads\/2025\/01\/pl-xap-8.jpg&#8221; title_text=&#8221;Pl Xap 8&#8243; align_tablet=&#8221;center&#8221; align_phone=&#8221;center&#8221; align_last_edited=&#8221;on|desktop&#8221; _builder_version=&#8221;4.27.4&#8243; global_colors_info=&#8221;{}&#8221;][\/et_pb_image][\/et_pb_column][\/et_pb_row][et_pb_row column_structure=&#8221;1_2,1_2&#8243; disabled_on=&#8221;off|off|off&#8221; _builder_version=&#8221;4.16&#8243; background_size=&#8221;initial&#8221; background_position=&#8221;top_left&#8221; background_repeat=&#8221;repeat&#8221; global_colors_info=&#8221;{}&#8221;][et_pb_column type=&#8221;1_2&#8243; _builder_version=&#8221;4.16&#8243; custom_padding=&#8221;|||&#8221; global_colors_info=&#8221;{}&#8221; custom_padding__hover=&#8221;|||&#8221;][et_pb_text _builder_version=&#8221;4.27.4&#8243; global_colors_info=&#8221;{}&#8221;]<\/p>\n<h2>Components del sistema<\/h2>\n<p>&nbsp;<\/p>\n<ul>\n<li><span style=\"font-size: 18px;\">Estructura de suport<\/span><\/li>\n<\/ul>\n<p style=\"padding-left: 30px;\"><span style=\"font-size: 18px;\">Perfils d&#8217;acer galvanitzat que proporcionen estabilitat estructural i resist\u00e8ncia a la corrosi\u00f3.<\/span><\/p>\n<ul>\n<li><span style=\"font-size: 18px;\">A\u00efllament t\u00e8rmic<\/span><\/li>\n<\/ul>\n<p style=\"padding-left: 30px;\"><span style=\"font-size: 18px;\">Panels de llana de roca o poliestir\u00e8 extru\u00eft (XPS) amb gruixos des de 40 mm fins a 200 mm, optimitzant l&#8217;efici\u00e8ncia t\u00e8rmica de l&#8217;edifici.<\/span><\/p>\n<ul>\n<li><span style=\"font-size: 18px;\">Revestiment exterior<\/span><\/li>\n<\/ul>\n<p style=\"padding-left: 30px;\"><span style=\"font-size: 18px;\">Placa P15-SAATE d&#8217;acer galvanitzat prelacat de 0,6 mm, amb acabat llis i col\u00b7locaci\u00f3 horitzontal.<\/span><\/p>\n<ul>\n<li><span style=\"font-size: 18px;\">Sistema de fixaci\u00f3<\/span><\/li>\n<\/ul>\n<p style=\"padding-left: 30px;\"><span style=\"font-size: 18px;\">Ancoratges i cargols d&#8217;alta precisi\u00f3 que garanteixen una instal\u00b7laci\u00f3 segura i duradora.<\/span><\/p>\n<p>&nbsp;<\/p>\n<div class=\"gold_box\"><a href=\"\/projectes\/env\u00e0-pluvial\/\">Veure projectes realitzats<\/a><\/div>\n<p>[\/et_pb_text][\/et_pb_column][et_pb_column type=&#8221;1_2&#8243; _builder_version=&#8221;4.16&#8243; custom_padding=&#8221;|||&#8221; global_colors_info=&#8221;{}&#8221; custom_padding__hover=&#8221;|||&#8221;][et_pb_text _builder_version=&#8221;4.27.4&#8243; global_colors_info=&#8221;{}&#8221;]<\/p>\n<h2>Caracter\u00edstiques i avantatges<\/h2>\n<p>&nbsp;<\/p>\n<ul>\n<li style=\"list-style-type: none;\">\n<ul>\n<li><span style=\"font-size: 18px;\">Disseny i fabricaci\u00f3 100% espanyola: Producte nacional amb alts est\u00e0ndards de qualitat.<\/span><\/li>\n<li><span style=\"font-size: 18px;\">Superf\u00edcie llisa i est\u00e8tica millorada: Ofereix un acabat m\u00e9s net i modern en comparaci\u00f3 amb altres solucions met\u00e0l\u00b7liques. <\/span><\/li>\n<li><span style=\"font-size: 18px;\">Instal\u00b7laci\u00f3 sempre en horitzontal: Ideal per a fa\u00e7anes amb un disseny uniforme i contemporani.<\/span><\/li>\n<li><span style=\"font-size: 18px;\">Durabilitat i resist\u00e8ncia: Gr\u00e0cies al seu acer galvanitzat prelacat, \u00e9s altament resistent a la corrosi\u00f3 i al desgast.<\/span><\/li>\n<li><span style=\"font-size: 18px;\">Personalitzaci\u00f3 de colors: Disponible en quatre colors est\u00e0ndard i adaptable a altres colors sota comanda.<\/span><\/li>\n<li><span style=\"font-size: 18px;\">Sense c\u00e0mera d&#8217;aire ventilada: Opci\u00f3 perfecta per a projectes que requereixen un tancament continu i eficient.<\/span><\/li>\n<li><span style=\"font-size: 18px;\">F\u00e0cil manteniment: La seva superf\u00edcie prelacada permet una neteja senzilla i mant\u00e9 la seva est\u00e8tica al llarg del temps.<\/span><\/li>\n<li><span style=\"font-size: 18px;\">A\u00efllament t\u00e8rmic i efici\u00e8ncia energ\u00e8tica: Combinat amb materials a\u00efllants, ajuda a millorar l&#8217;efici\u00e8ncia energ\u00e8tica de l&#8217;edifici.<\/span><\/li>\n<\/ul>\n<\/li>\n<\/ul>\n<p>&nbsp;<\/p>\n<h2>Aplicacions<\/h2>\n<p>&nbsp;<\/p>\n<ul>\n<li style=\"list-style-type: none;\">\n<ul>\n<li><span style=\"font-size: 18px;\">Obra nova: Perfecte per a fa\u00e7anes modernes i sistemes d&#8217;envans pluvials que busquen un acabat elegant i funcional.<\/span><\/li>\n<li><span style=\"font-size: 18px;\">Rehabilitaci\u00f3: Excel\u00b7lent opci\u00f3 per renovar tancaments exteriors sense necessitat de reformes invasives.<\/span><\/li>\n<\/ul>\n<\/li>\n<\/ul>\n<p>[\/et_pb_text][\/et_pb_column][\/et_pb_row][et_pb_row disabled_on=&#8221;off|off|off&#8221; _builder_version=&#8221;4.16&#8243; background_size=&#8221;initial&#8221; background_position=&#8221;top_left&#8221; background_repeat=&#8221;repeat&#8221; global_colors_info=&#8221;{}&#8221;][et_pb_column type=&#8221;4_4&#8243; _builder_version=&#8221;4.16&#8243; custom_padding=&#8221;|||&#8221; global_colors_info=&#8221;{}&#8221; custom_padding__hover=&#8221;|||&#8221;][et_pb_text _builder_version=&#8221;4.27.4&#8243; global_colors_info=&#8221;{}&#8221;]<\/p>\n<h2>Conclusi\u00f3<\/h2>\n<p>&nbsp;<\/p>\n<p style=\"text-align: justify;\">El sistema d&#8217;Env\u00e0 Pluvial amb Placa P15-SAATE ofereix una soluci\u00f3 de tancament modern i est\u00e8tic, amb una instal\u00b7laci\u00f3 en horitzontal i un acabat llis que millora l&#8217;aparen\u00e7a de la fa\u00e7ana. Fabricat \u00edntegrament a Espanya amb acer galvanitzat prelacat, combina resist\u00e8ncia, durabilitat i personalitzaci\u00f3 de color per adaptar-se a qualsevol projecte arquitect\u00f2nic. Amb una instal\u00b7laci\u00f3 senzilla i sense c\u00e0mera d&#8217;aire ventilada, \u00e9s una opci\u00f3 ideal tant per a obra nova com per a rehabilitaci\u00f3, proporcionant una soluci\u00f3 d&#8217;alta qualitat i manteniment m\u00ednim.<\/p>\n<p>[\/et_pb_text][\/et_pb_column][\/et_pb_row][et_pb_row column_structure=&#8221;1_3,1_3,1_3&#8243; disabled_on=&#8221;on|on|on&#8221; _builder_version=&#8221;4.27.4&#8243; _module_preset=&#8221;default&#8221; disabled=&#8221;on&#8221; saved_tabs=&#8221;all&#8221; global_colors_info=&#8221;{}&#8221;][et_pb_column type=&#8221;1_3&#8243; _builder_version=&#8221;4.27.4&#8243; _module_preset=&#8221;default&#8221; global_colors_info=&#8221;{}&#8221;][et_pb_image src=&#8221;https:\/\/saate.es\/wp-content\/uploads\/2025\/02\/catalogo-fachada-ventilada-unifamiliares.jpg&#8221; alt=&#8221;Descargue el cat\u00e1logo de Casas Unifamiliares&#8221; title_text=&#8221;Catalogo Fachada Ventilada Unifamiliares&#8221; url=&#8221;https:\/\/saate.es\/detalles-tecnicos\/catalogo-fachada-ventilada-unifamiliares.pdf&#8221; use_overlay=&#8221;on&#8221; overlay_icon_color=&#8221;#6B6B6B&#8221; hover_overlay_color=&#8221;#D6D6D6&#8243; hover_icon=&#8221;&#xf063;||fa||900&#8243; _builder_version=&#8221;4.27.4&#8243; _module_preset=&#8221;default&#8221; background_enable_image=&#8221;off&#8221; background_size=&#8221;contain&#8221; border_color_all=&#8221;#8F8F8F&#8221; box_shadow_style=&#8221;preset1&#8243; global_colors_info=&#8221;{}&#8221;][\/et_pb_image][\/et_pb_column][et_pb_column type=&#8221;1_3&#8243; _builder_version=&#8221;4.27.4&#8243; _module_preset=&#8221;default&#8221; global_colors_info=&#8221;{}&#8221;][et_pb_image src=&#8221;https:\/\/saate.es\/wp-content\/uploads\/2025\/02\/catalogo-fachada-ventilada-residenciales.jpg&#8221; alt=&#8221;Descargue el cat\u00e1logo de Edificios Residenciales&#8221; title_text=&#8221;Catalogo Fachada Ventilada Residenciales&#8221; url=&#8221;https:\/\/saate.es\/detalles-tecnicos\/catalogo-fachada-ventilada-residenciales.pdf&#8221; use_overlay=&#8221;on&#8221; overlay_icon_color=&#8221;#6B6B6B&#8221; hover_overlay_color=&#8221;#D6D6D6&#8243; hover_icon=&#8221;&#xf063;||fa||900&#8243; _builder_version=&#8221;4.27.4&#8243; _module_preset=&#8221;default&#8221; background_enable_image=&#8221;off&#8221; background_size=&#8221;contain&#8221; box_shadow_style=&#8221;preset1&#8243; global_colors_info=&#8221;{}&#8221;][\/et_pb_image][\/et_pb_column][et_pb_column type=&#8221;1_3&#8243; _builder_version=&#8221;4.27.4&#8243; _module_preset=&#8221;default&#8221; global_colors_info=&#8221;{}&#8221;][et_pb_image src=&#8221;https:\/\/saate.es\/wp-content\/uploads\/2025\/02\/catalogo-fachada-ventilada-no-residenciales.jpg&#8221; alt=&#8221;Descargue el cat\u00e1logo de Edificios No Residenciales&#8221; title_text=&#8221;Catalogo Fachada Ventilada No Residenciales&#8221; url=&#8221;https:\/\/saate.es\/detalles-tecnicos\/catalogo-fachada-ventilada-no-residenciales.pdf&#8221; use_overlay=&#8221;on&#8221; overlay_icon_color=&#8221;#6B6B6B&#8221; hover_overlay_color=&#8221;#D6D6D6&#8243; hover_icon=&#8221;&#xf063;||fa||900&#8243; _builder_version=&#8221;4.27.4&#8243; _module_preset=&#8221;default&#8221; background_enable_image=&#8221;off&#8221; background_size=&#8221;contain&#8221; box_shadow_style=&#8221;preset1&#8243; global_colors_info=&#8221;{}&#8221;][\/et_pb_image][\/et_pb_column][\/et_pb_row][\/et_pb_section]<\/p>\n","protected":false},"excerpt":{"rendered":"<a href='https:\/\/saate.es\/ca\/sistemes\/enva-pluvial\/placa-p15-saate\/'>Descripci\u00f3 de l&#8217;Env\u00e0 Pluvial amb Placa P15-SAATE &nbsp; El sistema d&#8217;Env\u00e0 Pluvial amb Placa P15-SAATE ha estat dissenyat per oferir una soluci\u00f3 est\u00e8tica i funcional en tancaments exteriors. \u00c9s una placa d&#8217;acer galvanitzat prelacat, fabricada \u00edntegrament a Espanya sota estrictes est\u00e0ndards de qualitat. A difer\u00e8ncia d&#8217;altres sistemes, la Placa P15-SAATE no genera una c\u00e0mera d&#8217;aire\n<\/a>... <a href='https:\/\/saate.es\/ca\/sistemes\/enva-pluvial\/placa-p15-saate\/'>Llegir m&eacute;s<\/a>.","protected":false},"author":1,"featured_media":0,"parent":0,"menu_order":0,"comment_status":"closed","ping_status":"closed","template":"","meta":{"_et_pb_use_builder":"on","_et_pb_old_content":"","_et_gb_content_width":"","footnotes":""},"class_list":["post-12476","page","type-page","status-publish"],"_links":{"self":[{"href":"https:\/\/saate.es\/ca\/wp-json\/wp\/v2\/pages\/12476","targetHints":{"allow":["GET"]}}],"collection":[{"href":"https:\/\/saate.es\/ca\/wp-json\/wp\/v2\/pages"}],"about":[{"href":"https:\/\/saate.es\/ca\/wp-json\/wp\/v2\/types\/page"}],"author":[{"embeddable":true,"href":"https:\/\/saate.es\/ca\/wp-json\/wp\/v2\/users\/1"}],"replies":[{"embeddable":true,"href":"https:\/\/saate.es\/ca\/wp-json\/wp\/v2\/comments?post=12476"}],"version-history":[{"count":8,"href":"https:\/\/saate.es\/ca\/wp-json\/wp\/v2\/pages\/12476\/revisions"}],"predecessor-version":[{"id":13251,"href":"https:\/\/saate.es\/ca\/wp-json\/wp\/v2\/pages\/12476\/revisions\/13251"}],"wp:attachment":[{"href":"https:\/\/saate.es\/ca\/wp-json\/wp\/v2\/media?parent=12476"}],"curies":[{"name":"wp","href":"https:\/\/api.w.org\/{rel}","templated":true}]}}