{"id":12483,"date":"2025-03-04T14:26:34","date_gmt":"2025-03-04T13:26:34","guid":{"rendered":"https:\/\/saate.es\/tabique-pluvial-con-sate-acabado-continuo\/"},"modified":"2025-03-20T12:16:01","modified_gmt":"2025-03-20T11:16:01","slug":"tabique-pluvial-con-sate-acabado-continuo","status":"publish","type":"page","link":"https:\/\/saate.es\/ca\/sistemes\/enva-pluvial\/sate-acabat-continu\/","title":{"rendered":"Env\u00e0 Pluvial amb SATE Acabat Continu"},"content":{"rendered":"<p>[et_pb_section fb_built=&#8221;1&#8243; _builder_version=&#8221;4.16&#8243; global_colors_info=&#8221;{}&#8221;][et_pb_row column_structure=&#8221;1_2,1_2&#8243; _builder_version=&#8221;4.16&#8243; background_size=&#8221;initial&#8221; background_position=&#8221;top_left&#8221; background_repeat=&#8221;repeat&#8221; global_colors_info=&#8221;{}&#8221;][et_pb_column type=&#8221;1_2&#8243; _builder_version=&#8221;4.16&#8243; custom_padding=&#8221;|||&#8221; global_colors_info=&#8221;{}&#8221; custom_padding__hover=&#8221;|||&#8221;][et_pb_image src=&#8221;https:\/\/saate.es\/wp-content\/uploads\/2025\/03\/Acabado-Continuo-scaled.jpg&#8221; title_text=&#8221;Acabado Continuo&#8221; align_tablet=&#8221;center&#8221; align_phone=&#8221;center&#8221; align_last_edited=&#8221;on|desktop&#8221; disabled_on=&#8221;on|off|off&#8221; module_class=&#8221;imatgesColumnaEsquerra&#8221; _builder_version=&#8221;4.27.4&#8243; global_colors_info=&#8221;{}&#8221;][\/et_pb_image][et_pb_image src=&#8221;https:\/\/saate.es\/wp-content\/uploads\/2025\/03\/acabado-continuo-1-scaled.jpg&#8221; title_text=&#8221;acabado-continuo&#8221; align_tablet=&#8221;center&#8221; align_phone=&#8221;center&#8221; align_last_edited=&#8221;on|desktop&#8221; disabled_on=&#8221;off|off|off&#8221; module_class=&#8221;imatgesColumnaEsquerra&#8221; _builder_version=&#8221;4.27.4&#8243; global_colors_info=&#8221;{}&#8221;][\/et_pb_image][et_pb_image src=&#8221;https:\/\/saate.es\/wp-content\/uploads\/2025\/03\/acabado-continuo2-1.jpg&#8221; title_text=&#8221;acabado-continuo2&#8243; align_tablet=&#8221;center&#8221; align_phone=&#8221;center&#8221; align_last_edited=&#8221;on|desktop&#8221; disabled_on=&#8221;off|off|off&#8221; module_class=&#8221;imatgesColumnaEsquerra&#8221; _builder_version=&#8221;4.27.4&#8243; global_colors_info=&#8221;{}&#8221;][\/et_pb_image][\/et_pb_column][et_pb_column type=&#8221;1_2&#8243; _builder_version=&#8221;4.16&#8243; custom_padding=&#8221;|||&#8221; global_colors_info=&#8221;{}&#8221; custom_padding__hover=&#8221;|||&#8221;][et_pb_text _builder_version=&#8221;4.27.4&#8243; global_colors_info=&#8221;{}&#8221;]<\/p>\n<h2 style=\"text-align: justify;\">Descripci\u00f3 de l&#8217;Env\u00e0 Pluvial amb SATE Acabat Continu<\/h2>\n<p>&nbsp;<\/p>\n<p style=\"text-align: justify;\">El sistema d&#8217;Env\u00e0 Pluvial amb SATE Acabat Continu \u00e9s una soluci\u00f3 innovadora per a l&#8217;a\u00efllament t\u00e8rmic de fa\u00e7anes. Es tracta d&#8217;un sistema originalment desenvolupat per a aplicacions en fa\u00e7anes exteriors, que a SAATE hem adaptat per al seu \u00fas en envans pluvials, garantint els mateixos avantatges d&#8217;a\u00efllament i protecci\u00f3 t\u00e8rmica en aquest tipus de tancament.<\/p>\n<p style=\"text-align: justify;\">Aquest sistema ha estat dissenyat i fabricat a Espanya, complint amb els m\u00e9s alts est\u00e0ndards de qualitat i efici\u00e8ncia energ\u00e8tica. La seva caracter\u00edstica principal \u00e9s el seu acabat continu sense juntes, que ofereix una est\u00e8tica uniforme i moderna, a m\u00e9s de millorar la protecci\u00f3 t\u00e8rmica i la impermeabilitat de l&#8217;edifici. A m\u00e9s, compleix o es pot adaptar a les normatives urban\u00edstiques m\u00e9s exigents establertes per ajuntaments, diputacions i altres administracions p\u00fabliques, assegurant-ne la viabilitat en qualsevol tipus de projecte.<\/p>\n<p>&nbsp;<\/p>\n<h2>Qu\u00e8 \u00e9s el SATE Acabat Continu?<\/h2>\n<p>&nbsp;<\/p>\n<p style=\"text-align: justify;\">El SATE (Sistema d&#8217;A\u00efllament T\u00e8rmic per l&#8217;Exterior) Acabat Continu \u00e9s una soluci\u00f3 constructiva que consisteix en l&#8217;aplicaci\u00f3 de panells a\u00efllants directament sobre la paret suport mitjan\u00e7ant morter i fixaci\u00f3 mec\u00e0nica, protegits per un revestiment de diverses capes que inclouen una malla de refuig.<\/p>\n<p style=\"text-align: justify;\">Aquest sistema es distingeix per:<\/p>\n<ul>\n<li><span style=\"font-size: 18px;\">Fabricaci\u00f3 i desenvolupament a Espanya: Compleix amb la normativa t\u00e8cnica i ambiental vigent.<\/span><\/li>\n<li><span style=\"font-size: 18px;\">Acabat sense juntes: Est\u00e8tica neta i moderna sense interrupcions a la superf\u00edcie.<\/span><\/li>\n<li><span style=\"font-size: 18px;\">Alta efici\u00e8ncia energ\u00e8tica: Redueix les p\u00e8rdues t\u00e8rmiques i millora el confort interior de l&#8217;edifici.<\/span><\/li>\n<li><span style=\"font-size: 18px;\">Protecci\u00f3 contra la humitat i filtracions: Evita l&#8217;acumulaci\u00f3 d&#8217;aigua i millora la durabilitat de la fa\u00e7ana.<\/span><\/li>\n<li><span style=\"font-size: 18px;\">Gran varietat d&#8217;acabats i colors: M\u00e9s de 800 opcions per adaptar-se a qualsevol disseny arquitect\u00f2nic.<\/span><\/li>\n<li><span style=\"font-size: 18px;\">Compliment normatiu: S&#8217;ajusta a les exig\u00e8ncies de normatives urban\u00edstiques locals, auton\u00f2miques i nacionals.<\/span><\/li>\n<\/ul>\n<p>[\/et_pb_text][\/et_pb_column][\/et_pb_row][et_pb_row column_structure=&#8221;1_2,1_2&#8243; disabled_on=&#8221;off|off|off&#8221; _builder_version=&#8221;4.16&#8243; background_size=&#8221;initial&#8221; background_position=&#8221;top_left&#8221; background_repeat=&#8221;repeat&#8221; global_colors_info=&#8221;{}&#8221;][et_pb_column type=&#8221;1_2&#8243; _builder_version=&#8221;4.16&#8243; custom_padding=&#8221;|||&#8221; global_colors_info=&#8221;{}&#8221; custom_padding__hover=&#8221;|||&#8221;][et_pb_image src=&#8221;https:\/\/saate.es\/wp-content\/uploads\/2025\/01\/pl-sate-8.jpg&#8221; title_text=&#8221;Pl Sate 8&#8243; align_tablet=&#8221;center&#8221; align_phone=&#8221;center&#8221; align_last_edited=&#8221;on|desktop&#8221; _builder_version=&#8221;4.27.4&#8243; global_colors_info=&#8221;{}&#8221;][\/et_pb_image][\/et_pb_column][et_pb_column type=&#8221;1_2&#8243; _builder_version=&#8221;4.16&#8243; custom_padding=&#8221;|||&#8221; global_colors_info=&#8221;{}&#8221; custom_padding__hover=&#8221;|||&#8221;][et_pb_image src=&#8221;https:\/\/saate.es\/wp-content\/uploads\/2025\/01\/pl-sate-5.jpg&#8221; title_text=&#8221;pl-sate-5&#8243; align_tablet=&#8221;center&#8221; align_phone=&#8221;center&#8221; align_last_edited=&#8221;on|desktop&#8221; _builder_version=&#8221;4.27.4&#8243; global_colors_info=&#8221;{}&#8221;][\/et_pb_image][\/et_pb_column][\/et_pb_row][et_pb_row column_structure=&#8221;1_2,1_2&#8243; disabled_on=&#8221;off|off|off&#8221; _builder_version=&#8221;4.16&#8243; background_size=&#8221;initial&#8221; background_position=&#8221;top_left&#8221; background_repeat=&#8221;repeat&#8221; global_colors_info=&#8221;{}&#8221;][et_pb_column type=&#8221;1_2&#8243; _builder_version=&#8221;4.16&#8243; custom_padding=&#8221;|||&#8221; global_colors_info=&#8221;{}&#8221; custom_padding__hover=&#8221;|||&#8221;][et_pb_text _builder_version=&#8221;4.27.4&#8243; global_colors_info=&#8221;{}&#8221;]<\/p>\n<h2>Components del sistema<\/h2>\n<p>&nbsp;<\/p>\n<ul>\n<li><span style=\"font-size: 18px;\">A\u00efllament t\u00e8rmic<\/span><\/li>\n<\/ul>\n<p style=\"padding-left: 30px;\"><span style=\"font-size: 18px;\">Els tipus d&#8217;a\u00efllant compatibles amb aquest sistema s\u00f3n nombrosos. Els m\u00e9s habituals s\u00f3n:<\/span><\/p>\n<p style=\"padding-left: 60px;\"><span style=\"font-size: 18px;\">&#8211; Poliestir\u00e8 expandit (EPS)<\/span><\/p>\n<p style=\"padding-left: 60px;\"><span style=\"font-size: 18px;\">&#8211; Poliestir\u00e8 expandit amb grafit (EPS Grafit)<\/span><\/p>\n<p style=\"padding-left: 60px;\"><span style=\"font-size: 18px;\">&#8211; Poliestir\u00e8 extru\u00eft (XPS)<\/span><\/p>\n<p style=\"padding-left: 60px;\"><span style=\"font-size: 18px;\">&#8211; Llana de roca<\/span><\/p>\n<p style=\"padding-left: 30px;\"><span style=\"font-size: 18px;\">Tamb\u00e9 es poden aplicar panells de suro natural o panells de fibra de fusta, adaptant-se a necessitats espec\u00edfiques de sostenibilitat i confort t\u00e8rmic.<\/span><\/p>\n<ul>\n<li style=\"list-style-type: none;\">\n<ul>\n<li><span style=\"font-size: 18px;\">Revestiment exterior<\/span><\/li>\n<\/ul>\n<\/li>\n<\/ul>\n<p style=\"padding-left: 30px;\"><span style=\"font-size: 18px;\">Capes de morter refor\u00e7at amb malla de fibra de vidre i un acabat final continu i personalitzable.<\/span><\/p>\n<ul>\n<li style=\"list-style-type: none;\">\n<ul>\n<li style=\"list-style-type: none;\">\n<ul>\n<li><span style=\"font-size: 18px;\">Sistema de fixaci\u00f3<\/span><\/li>\n<\/ul>\n<\/li>\n<\/ul>\n<\/li>\n<\/ul>\n<p style=\"padding-left: 30px;\"><span style=\"font-size: 18px;\">Adhesius cimentosos i fixacions mec\u00e0niques que asseguren la correcta adher\u00e8ncia del sistema al suport.<\/span><\/p>\n<p>&nbsp;<\/p>\n<div class=\"gold_box\"><a href=\"\/projectes\/enva-pluvial\/\">Veure projectes realitzats<\/a><\/div>\n<p>[\/et_pb_text][\/et_pb_column][et_pb_column type=&#8221;1_2&#8243; _builder_version=&#8221;4.16&#8243; custom_padding=&#8221;|||&#8221; global_colors_info=&#8221;{}&#8221; custom_padding__hover=&#8221;|||&#8221;][et_pb_text _builder_version=&#8221;4.27.4&#8243; global_colors_info=&#8221;{}&#8221;]<\/p>\n<h2>Caracter\u00edstiques i avantatges<\/h2>\n<p>&nbsp;<\/p>\n<ul>\n<li><span style=\"font-size: 18px;\">Sistema 100% dissenyat i fabricat a Espanya: Compleix amb les normatives t\u00e8cniques i de sostenibilitat.<\/span><\/li>\n<li><span style=\"font-size: 18px;\">Sense juntes visibles: Est\u00e8tica homog\u00e8nia i neta a tota la superf\u00edcie.<\/span><\/li>\n<li><span style=\"font-size: 18px;\">A\u00efllament t\u00e8rmic superior: Redueix la demanda energ\u00e8tica de l&#8217;edifici i millora el confort interior.<\/span><\/li>\n<li><span style=\"font-size: 18px;\">Protecci\u00f3 davant de la humitat i la intemp\u00e8rie: Evita filtracions i condensacions.<\/span><\/li>\n<li><span style=\"font-size: 18px;\">Durabilitat i baix manteniment: Els materials utilitzats garanteixen una vida \u00fatil prolongada.<\/span><\/li>\n<li><span style=\"font-size: 18px;\">M\u00e9s de 800 colors i acabats disponibles: Adaptabilitat total a qualsevol projecte arquitect\u00f2nic.<\/span><\/li>\n<li><span style=\"font-size: 18px;\">Millor comportament davant del foc: Compleix amb les normatives de seguretat i resist\u00e8ncia al foc.<\/span><\/li>\n<li><span style=\"font-size: 18px;\">Compleix amb normatives urban\u00edstiques exigents: Apte per a projectes que requereixen la m\u00e0xima regulaci\u00f3 en efici\u00e8ncia energ\u00e8tica i sostenibilitat.<\/span><\/li>\n<\/ul>\n<p>&nbsp;<\/p>\n<h2>Aplicacions<\/h2>\n<p>&nbsp;<\/p>\n<ul>\n<li><span style=\"font-size: 18px;\">Obra nova: Ideal per a edificis que busquen un alt rendiment energ\u00e8tic i un acabat est\u00e8tic impecable.<\/span><\/li>\n<li><span style=\"font-size: 18px;\">Rehabilitaci\u00f3: Excel\u00b7lent opci\u00f3 per millorar l&#8217;efici\u00e8ncia t\u00e8rmica i renovar l&#8217;aparen\u00e7a de fa\u00e7anes existents.<\/span><\/li>\n<\/ul>\n<p>[\/et_pb_text][\/et_pb_column][\/et_pb_row][et_pb_row disabled_on=&#8221;off|off|off&#8221; _builder_version=&#8221;4.16&#8243; background_size=&#8221;initial&#8221; background_position=&#8221;top_left&#8221; background_repeat=&#8221;repeat&#8221; global_colors_info=&#8221;{}&#8221;][et_pb_column type=&#8221;4_4&#8243; _builder_version=&#8221;4.16&#8243; custom_padding=&#8221;|||&#8221; global_colors_info=&#8221;{}&#8221; custom_padding__hover=&#8221;|||&#8221;][et_pb_text _builder_version=&#8221;4.27.4&#8243; global_colors_info=&#8221;{}&#8221;]<\/p>\n<h2>Conclusi\u00f3<\/h2>\n<p>&nbsp;<\/p>\n<p style=\"text-align: justify;\">El sistema d&#8217;Env\u00e0 Pluvial amb SATE Acabat Continu representa l&#8217;evoluci\u00f3 en solucions d&#8217;a\u00efllament t\u00e8rmic i disseny de fa\u00e7anes. A SAATE, hem adaptat aquest sistema exclusivament per a la seva aplicaci\u00f3 en envans pluvials, garantint els mateixos beneficis que en fa\u00e7anes tradicionals.<\/p>\n<p style=\"text-align: justify;\">Dissenyat i fabricat a Espanya, aquest sistema ofereix una est\u00e8tica sense juntes, una protecci\u00f3 t\u00e8rmica i contra la humitat d&#8217;alt nivell, i una personalitzaci\u00f3 total en colors i acabats. Amb un rendiment superior i un manteniment m\u00ednim, \u00e9s lopci\u00f3 ideal per a projectes dobra nova i rehabilitaci\u00f3 que busquen innovaci\u00f3, efici\u00e8ncia i disseny. A m\u00e9s, la seva capacitat per complir o adaptar-se a les normatives urban\u00edstiques m\u00e9s exigents el converteix en una soluci\u00f3 fiable per a qualsevol mena de projecte regulat per administracions p\u00fabliques i organismes t\u00e8cnics.<\/p>\n<p>[\/et_pb_text][\/et_pb_column][\/et_pb_row][et_pb_row column_structure=&#8221;1_3,1_3,1_3&#8243; disabled_on=&#8221;on|on|on&#8221; _builder_version=&#8221;4.27.4&#8243; _module_preset=&#8221;default&#8221; disabled=&#8221;on&#8221; saved_tabs=&#8221;all&#8221; global_colors_info=&#8221;{}&#8221;][et_pb_column type=&#8221;1_3&#8243; _builder_version=&#8221;4.27.4&#8243; _module_preset=&#8221;default&#8221; global_colors_info=&#8221;{}&#8221;][et_pb_image src=&#8221;https:\/\/saate.es\/wp-content\/uploads\/2025\/02\/catalogo-fachada-ventilada-unifamiliares.jpg&#8221; alt=&#8221;Descargue el cat\u00e1logo de Casas Unifamiliares&#8221; title_text=&#8221;Catalogo Fachada Ventilada Unifamiliares&#8221; url=&#8221;https:\/\/saate.es\/detalles-tecnicos\/catalogo-fachada-ventilada-unifamiliares.pdf&#8221; use_overlay=&#8221;on&#8221; overlay_icon_color=&#8221;#6B6B6B&#8221; hover_overlay_color=&#8221;#D6D6D6&#8243; hover_icon=&#8221;&#xf063;||fa||900&#8243; _builder_version=&#8221;4.27.4&#8243; _module_preset=&#8221;default&#8221; background_enable_image=&#8221;off&#8221; background_size=&#8221;contain&#8221; border_color_all=&#8221;#8F8F8F&#8221; box_shadow_style=&#8221;preset1&#8243; global_colors_info=&#8221;{}&#8221;][\/et_pb_image][\/et_pb_column][et_pb_column type=&#8221;1_3&#8243; _builder_version=&#8221;4.27.4&#8243; _module_preset=&#8221;default&#8221; global_colors_info=&#8221;{}&#8221;][et_pb_image src=&#8221;https:\/\/saate.es\/wp-content\/uploads\/2025\/02\/catalogo-fachada-ventilada-residenciales.jpg&#8221; alt=&#8221;Descargue el cat\u00e1logo de Edificios Residenciales&#8221; title_text=&#8221;Catalogo Fachada Ventilada Residenciales&#8221; url=&#8221;https:\/\/saate.es\/detalles-tecnicos\/catalogo-fachada-ventilada-residenciales.pdf&#8221; use_overlay=&#8221;on&#8221; overlay_icon_color=&#8221;#6B6B6B&#8221; hover_overlay_color=&#8221;#D6D6D6&#8243; hover_icon=&#8221;&#xf063;||fa||900&#8243; _builder_version=&#8221;4.27.4&#8243; _module_preset=&#8221;default&#8221; background_enable_image=&#8221;off&#8221; background_size=&#8221;contain&#8221; box_shadow_style=&#8221;preset1&#8243; global_colors_info=&#8221;{}&#8221;][\/et_pb_image][\/et_pb_column][et_pb_column type=&#8221;1_3&#8243; _builder_version=&#8221;4.27.4&#8243; _module_preset=&#8221;default&#8221; global_colors_info=&#8221;{}&#8221;][et_pb_image src=&#8221;https:\/\/saate.es\/wp-content\/uploads\/2025\/02\/catalogo-fachada-ventilada-no-residenciales.jpg&#8221; alt=&#8221;Descargue el cat\u00e1logo de Edificios No Residenciales&#8221; title_text=&#8221;Catalogo Fachada Ventilada No Residenciales&#8221; url=&#8221;https:\/\/saate.es\/detalles-tecnicos\/catalogo-fachada-ventilada-no-residenciales.pdf&#8221; use_overlay=&#8221;on&#8221; overlay_icon_color=&#8221;#6B6B6B&#8221; hover_overlay_color=&#8221;#D6D6D6&#8243; hover_icon=&#8221;&#xf063;||fa||900&#8243; _builder_version=&#8221;4.27.4&#8243; _module_preset=&#8221;default&#8221; background_enable_image=&#8221;off&#8221; background_size=&#8221;contain&#8221; box_shadow_style=&#8221;preset1&#8243; global_colors_info=&#8221;{}&#8221;][\/et_pb_image][\/et_pb_column][\/et_pb_row][\/et_pb_section]<\/p>\n","protected":false},"excerpt":{"rendered":"<a href='https:\/\/saate.es\/ca\/sistemes\/enva-pluvial\/sate-acabat-continu\/'>Descripci\u00f3 de l&#8217;Env\u00e0 Pluvial amb SATE Acabat Continu &nbsp; El sistema d&#8217;Env\u00e0 Pluvial amb SATE Acabat Continu \u00e9s una soluci\u00f3 innovadora per a l&#8217;a\u00efllament t\u00e8rmic de fa\u00e7anes. Es tracta d&#8217;un sistema originalment desenvolupat per a aplicacions en fa\u00e7anes exteriors, que a SAATE hem adaptat per al seu \u00fas en envans pluvials, garantint els mateixos avantatges\n<\/a>... <a href='https:\/\/saate.es\/ca\/sistemes\/enva-pluvial\/sate-acabat-continu\/'>Llegir m&eacute;s<\/a>.","protected":false},"author":1,"featured_media":0,"parent":0,"menu_order":0,"comment_status":"closed","ping_status":"closed","template":"","meta":{"_et_pb_use_builder":"on","_et_pb_old_content":"","_et_gb_content_width":"","footnotes":""},"class_list":["post-12483","page","type-page","status-publish"],"_links":{"self":[{"href":"https:\/\/saate.es\/ca\/wp-json\/wp\/v2\/pages\/12483","targetHints":{"allow":["GET"]}}],"collection":[{"href":"https:\/\/saate.es\/ca\/wp-json\/wp\/v2\/pages"}],"about":[{"href":"https:\/\/saate.es\/ca\/wp-json\/wp\/v2\/types\/page"}],"author":[{"embeddable":true,"href":"https:\/\/saate.es\/ca\/wp-json\/wp\/v2\/users\/1"}],"replies":[{"embeddable":true,"href":"https:\/\/saate.es\/ca\/wp-json\/wp\/v2\/comments?post=12483"}],"version-history":[{"count":7,"href":"https:\/\/saate.es\/ca\/wp-json\/wp\/v2\/pages\/12483\/revisions"}],"predecessor-version":[{"id":13257,"href":"https:\/\/saate.es\/ca\/wp-json\/wp\/v2\/pages\/12483\/revisions\/13257"}],"wp:attachment":[{"href":"https:\/\/saate.es\/ca\/wp-json\/wp\/v2\/media?parent=12483"}],"curies":[{"name":"wp","href":"https:\/\/api.w.org\/{rel}","templated":true}]}}