{"id":3437,"date":"2019-02-19T19:18:54","date_gmt":"2019-02-19T18:18:54","guid":{"rendered":"https:\/\/saate.es\/fachada-ventilada-de-piedra-natural\/"},"modified":"2025-06-01T18:38:15","modified_gmt":"2025-06-01T16:38:15","slug":"fachada-ventilada-de-piedra-natural","status":"publish","type":"page","link":"https:\/\/saate.es\/ca\/sistemes\/facana-ventilada\/pedra-natural\/","title":{"rendered":"Fa\u00e7ana ventilada de pedra natural"},"content":{"rendered":"<p>[et_pb_section fb_built=&#8221;1&#8243; _builder_version=&#8221;4.16&#8243; global_colors_info=&#8221;{}&#8221;][et_pb_row column_structure=&#8221;1_3,2_3&#8243; _builder_version=&#8221;4.16&#8243; global_colors_info=&#8221;{}&#8221;][et_pb_column type=&#8221;1_3&#8243; _builder_version=&#8221;4.16&#8243; custom_padding=&#8221;|||&#8221; global_colors_info=&#8221;{}&#8221; custom_padding__hover=&#8221;|||&#8221;][et_pb_image src=&#8221;https:\/\/saate.es\/wp-content\/uploads\/2019\/02\/fachada_ventilada_piedra_natural_muestra_1.png&#8221; align_tablet=&#8221;center&#8221; align_phone=&#8221;&#8221; align_last_edited=&#8221;on|desktop&#8221; disabled_on=&#8221;on|off|off&#8221; module_class=&#8221;imatgesColumnaEsquerra&#8221; _builder_version=&#8221;4.27.4&#8243; global_colors_info=&#8221;{}&#8221;][\/et_pb_image][et_pb_image src=&#8221;https:\/\/saate.es\/wp-content\/uploads\/2019\/02\/fachada_ventilada_piedra_natural_muestra_2.png&#8221; align_tablet=&#8221;center&#8221; align_phone=&#8221;&#8221; align_last_edited=&#8221;on|desktop&#8221; module_class=&#8221;imatgesColumnaEsquerra&#8221; _builder_version=&#8221;4.16&#8243; global_colors_info=&#8221;{}&#8221;][\/et_pb_image][et_pb_image src=&#8221;https:\/\/saate.es\/wp-content\/uploads\/2019\/02\/fachada_ventilada_piedra_natural_muestra_3.png&#8221; align_tablet=&#8221;center&#8221; align_phone=&#8221;&#8221; align_last_edited=&#8221;on|desktop&#8221; module_class=&#8221;imatgesColumnaEsquerra&#8221; _builder_version=&#8221;4.16&#8243; global_colors_info=&#8221;{}&#8221;][\/et_pb_image][\/et_pb_column][et_pb_column type=&#8221;2_3&#8243; _builder_version=&#8221;4.16&#8243; custom_padding=&#8221;|||&#8221; global_colors_info=&#8221;{}&#8221; custom_padding__hover=&#8221;|||&#8221;][et_pb_text _builder_version=&#8221;4.27.4&#8243; global_colors_info=&#8221;{}&#8221;]<\/p>\n<h2 style=\"text-align: justify;\">Descripci\u00f3 de pedra natural<\/h2>\n<p>&nbsp;<\/p>\n<p>Seleccionem la pedra de les millors pedreres nacionals per oferir l&#8217;acabat exclusiu d&#8217;un producte 100% natural.<\/p>\n<p>Triar la pedra natural com acabat per al seu habitatge \u00e9s apostar per un material diferent, per un material que en cada projecte pot presentar canvis de tonalitat i textura propis d&#8217;un material en estat pur extret de la natura, dotant al seu habitatge d&#8217;un acabat \u00fanic i singular.<\/p>\n<p>Pot triar entre la duresa i resist\u00e8ncia de l&#8217;granit, l&#8217;est\u00e8tica i textura de l&#8217;marbre, o la calidesa de la pedra calc\u00e0ria.<\/p>\n<p>Totes nostra pedres aportaran un acabat elegant, espectacular i exclusiu a la seva fa\u00e7ana.<\/p>\n<p>&nbsp;<\/p>\n<h3 style=\"text-align: justify;\"><strong>Dimensions<\/strong><\/h3>\n<p>Disposa de tres formats est\u00e0ndard: 600 x 300 mm, 600 x 400 mm, 800 x 400 mm. I la possibilitat (sota comanda) de format.<\/p>\n<p>I un gruix: 20 mm i 30 mm.<\/p>\n<p><br style=\"clear: left;\" \/><br \/><br style=\"clear: left;\" \/><\/p>\n<h3 style=\"text-align: justify;\"><strong>Atenci\u00f3 personalitzada<\/strong><\/h3>\n<p style=\"text-align: justify;\">El nostre equip t\u00e8cnic queda a la seva disposici\u00f3 per assessorar-li a l&#8217;respecte.<\/p>\n<p>[\/et_pb_text][\/et_pb_column][\/et_pb_row][et_pb_row _builder_version=&#8221;4.16&#8243; background_size=&#8221;initial&#8221; background_position=&#8221;top_left&#8221; background_repeat=&#8221;repeat&#8221; global_colors_info=&#8221;{}&#8221;][et_pb_column type=&#8221;4_4&#8243; _builder_version=&#8221;4.16&#8243; custom_padding=&#8221;|||&#8221; global_colors_info=&#8221;{}&#8221; custom_padding__hover=&#8221;|||&#8221;][et_pb_image src=&#8221;https:\/\/saate.es\/wp-content\/uploads\/2019\/02\/fachada_ventilada_piedra_natural_proyecto.jpg&#8221; align_tablet=&#8221;center&#8221; align_phone=&#8221;&#8221; align_last_edited=&#8221;on|desktop&#8221; _builder_version=&#8221;4.16&#8243; global_colors_info=&#8221;{}&#8221;][\/et_pb_image][\/et_pb_column][\/et_pb_row][et_pb_row column_structure=&#8221;1_2,1_2&#8243; _builder_version=&#8221;4.16&#8243; background_size=&#8221;initial&#8221; background_position=&#8221;top_left&#8221; background_repeat=&#8221;repeat&#8221; global_colors_info=&#8221;{}&#8221;][et_pb_column type=&#8221;1_2&#8243; _builder_version=&#8221;4.16&#8243; custom_padding=&#8221;|||&#8221; global_colors_info=&#8221;{}&#8221; custom_padding__hover=&#8221;|||&#8221;][et_pb_text _builder_version=&#8221;4.27.4&#8243; hover_enabled=&#8221;0&#8243; global_colors_info=&#8221;{}&#8221; sticky_enabled=&#8221;0&#8243;]<\/p>\n<h2>Tipus d&#8217;ancoratge<\/h2>\n<p class=\"Standard\">Els nostres sistemes ofereixen una gran varietat d&#8217;ancoratges, ens podem adaptar a qualsevol tipus de fa\u00e7ana:<br \/><o:p><\/o:p><\/p>\n<ul>\n<li><span style=\"font-size: 18px;\">Ancoratge ocult mitjan\u00e7ant grapes simples.<\/span><\/li>\n<\/ul>\n<p style=\"padding-left: 30px; font-size: 18px;\">Les peces de pedra seran fixats als perfils verticals d&#8217;alumini amb grapes ocultes lacades en negre.<\/p>\n<ul>\n<li><span style=\"font-size: 18px;\">Ancoratge ocult mitjan\u00e7ant perfil continu.<\/span><\/li>\n<\/ul>\n<p style=\"padding-left: 30px; font-size: 18px;\">Les peces de pedra seran fixats als perfils verticals d&#8217;alumini amb un perfil continu d&#8217;alumini.<\/p>\n<ul>\n<li><span style=\"font-size: 18px;\">Ancoratge ocult mitjan\u00e7ant grapa sistema Fischer.<\/span><\/li>\n<\/ul>\n<p style=\"padding-left: 30px; font-size: 18px;\">Els panells de pedra seran fixats als perfils horitzontals d&#8217;alumini mitjan\u00e7ant una grapa part de el sistema Fischer.<\/p>\n<p class=\"Standard\">Posem la nostra experi\u00e8ncia a la seva disposici\u00f3 per dissenyar i col\u00b7laborar amb un vost\u00e8 en la realitzaci\u00f3 de fa\u00e7anes ventilades singulars i diferenciadores ..<br \/><o:p><\/o:p><\/p>\n<p>&nbsp;<\/p>\n<div class=\"gold_box\"><a href=\"\/ca\/projectes\/facana-ventilada\/unifamiliars\/\">Veure projectes realitzats<\/a><\/div>\n<p>[\/et_pb_text][\/et_pb_column][et_pb_column type=&#8221;1_2&#8243; _builder_version=&#8221;4.16&#8243; custom_padding=&#8221;|||&#8221; global_colors_info=&#8221;{}&#8221; custom_padding__hover=&#8221;|||&#8221;][et_pb_text _builder_version=&#8221;4.27.4&#8243; global_colors_info=&#8221;{}&#8221;]<\/p>\n<h2>Principals avantatges<\/h2>\n<ul>\n<li><span style=\"font-size: 18px;\">Acabat 100% natural.<\/span><\/li>\n<li><span style=\"font-size: 18px;\">Revestiment exclusiu.<\/span><\/li>\n<li><span style=\"font-size: 18px;\">Gran varietat de formats.<\/span><\/li>\n<\/ul>\n<p>&nbsp;<\/p>\n<h2>Avantatges econ\u00f2mics<\/h2>\n<ul>\n<li><span style=\"font-size: 18px;\">Estalvi d&#8217;energia.<\/span><\/li>\n<li><span style=\"font-size: 18px;\">Superf\u00edcie lliure interior utilitzable.<\/span><\/li>\n<li><span style=\"font-size: 18px;\">Increment en el valor d&#8217;edifici.<\/span><\/li>\n<\/ul>\n<p>&nbsp;<\/p>\n<h2>Aplicacions<\/h2>\n<ul>\n<li><span style=\"font-size: 18px;\">Obra nova.<\/span><\/li>\n<li><span style=\"font-size: 18px;\">Rehabilitaci\u00f3.<\/span><\/li>\n<\/ul>\n<p>&nbsp;<\/p>\n<p>[\/et_pb_text][\/et_pb_column][\/et_pb_row][et_pb_row _builder_version=&#8221;4.16&#8243; background_size=&#8221;initial&#8221; background_position=&#8221;top_left&#8221; background_repeat=&#8221;repeat&#8221; global_module=&#8221;13113&#8243; saved_tabs=&#8221;all&#8221; global_colors_info=&#8221;{}&#8221;][et_pb_column type=&#8221;4_4&#8243; _builder_version=&#8221;4.16&#8243; custom_padding=&#8221;|||&#8221; global_colors_info=&#8221;{}&#8221; custom_padding__hover=&#8221;|||&#8221;][et_pb_text _builder_version=&#8221;4.27.4&#8243; global_colors_info=&#8221;{}&#8221;]<\/p>\n<h2>Explora les nostres solucions \u2013 Descarrega el cat\u00e0leg<\/h2>\n<p>[\/et_pb_text][\/et_pb_column][\/et_pb_row][et_pb_row column_structure=&#8221;1_3,1_3,1_3&#8243; _builder_version=&#8221;4.27.4&#8243; _module_preset=&#8221;default&#8221; global_module=&#8221;13099&#8243; saved_tabs=&#8221;all&#8221; global_colors_info=&#8221;{}&#8221;][et_pb_column type=&#8221;1_3&#8243; _builder_version=&#8221;4.27.4&#8243; _module_preset=&#8221;default&#8221; global_colors_info=&#8221;{}&#8221;][et_pb_image src=&#8221;https:\/\/saate.es\/wp-content\/uploads\/2025\/03\/cataleg_facana_ventilada_cases.jpg&#8221; alt=&#8221;Descarregui el cat\u00e0leg de Cases Unifamiliars&#8221; title_text=&#8221;cataleg_facana_ventilada_cases&#8221; url=&#8221;https:\/\/saate.es\/detalles-tecnicos\/catalogo-fachada-ventilada-unifamiliares.pdf&#8221; use_overlay=&#8221;on&#8221; overlay_icon_color=&#8221;#6B6B6B&#8221; hover_overlay_color=&#8221;#D6D6D6&#8243; hover_icon=&#8221;&#xf063;||fa||900&#8243; _builder_version=&#8221;4.27.4&#8243; _module_preset=&#8221;default&#8221; background_enable_image=&#8221;off&#8221; background_size=&#8221;contain&#8221; border_color_all=&#8221;#8F8F8F&#8221; box_shadow_style=&#8221;preset1&#8243; global_colors_info=&#8221;{}&#8221;][\/et_pb_image][\/et_pb_column][et_pb_column type=&#8221;1_3&#8243; _builder_version=&#8221;4.27.4&#8243; _module_preset=&#8221;default&#8221; global_colors_info=&#8221;{}&#8221;][et_pb_image src=&#8221;https:\/\/saate.es\/wp-content\/uploads\/2025\/03\/cataleg_facana_ventilada_residencials.jpg&#8221; alt=&#8221;Descarregui el cat\u00e0leg d&#8217;Edificis Residencials&#8221; title_text=&#8221;cataleg_facana_ventilada_residencials&#8221; url=&#8221;https:\/\/saate.es\/detalles-tecnicos\/catalogo-fachada-ventilada-residenciales.pdf&#8221; use_overlay=&#8221;on&#8221; overlay_icon_color=&#8221;#6B6B6B&#8221; hover_overlay_color=&#8221;#D6D6D6&#8243; hover_icon=&#8221;&#xf063;||fa||900&#8243; _builder_version=&#8221;4.27.4&#8243; _module_preset=&#8221;default&#8221; background_enable_image=&#8221;off&#8221; background_size=&#8221;contain&#8221; box_shadow_style=&#8221;preset1&#8243; global_colors_info=&#8221;{}&#8221;][\/et_pb_image][\/et_pb_column][et_pb_column type=&#8221;1_3&#8243; _builder_version=&#8221;4.27.4&#8243; _module_preset=&#8221;default&#8221; global_colors_info=&#8221;{}&#8221;][et_pb_image src=&#8221;https:\/\/saate.es\/wp-content\/uploads\/2025\/03\/cataleg_facana_ventilada_no_residencials.jpg&#8221; alt=&#8221;Descarregui el cat\u00e0leg d&#8217;Edificis No Residencials&#8221; title_text=&#8221;cataleg_facana_ventilada_no_residencials&#8221; url=&#8221;https:\/\/saate.es\/detalles-tecnicos\/catalogo-fachada-ventilada-no-residenciales.pdf&#8221; use_overlay=&#8221;on&#8221; overlay_icon_color=&#8221;#6B6B6B&#8221; hover_overlay_color=&#8221;#D6D6D6&#8243; hover_icon=&#8221;&#xf063;||fa||900&#8243; _builder_version=&#8221;4.27.4&#8243; _module_preset=&#8221;default&#8221; background_enable_image=&#8221;off&#8221; background_size=&#8221;contain&#8221; box_shadow_style=&#8221;preset1&#8243; global_colors_info=&#8221;{}&#8221;][\/et_pb_image][\/et_pb_column][\/et_pb_row][et_pb_row _builder_version=&#8221;4.16&#8243; background_size=&#8221;initial&#8221; background_position=&#8221;top_left&#8221; background_repeat=&#8221;repeat&#8221; global_module=&#8221;13084&#8243; global_colors_info=&#8221;{}&#8221;][et_pb_column type=&#8221;4_4&#8243; _builder_version=&#8221;4.16&#8243; custom_padding=&#8221;|||&#8221; global_colors_info=&#8221;{}&#8221; custom_padding__hover=&#8221;|||&#8221;][et_pb_text _builder_version=&#8221;4.27.4&#8243; global_colors_info=&#8221;{}&#8221;]<\/p>\n<h2>Descarrega la nostra documentaci\u00f3 t\u00e8cnica<\/h2>\n<p>[\/et_pb_text][\/et_pb_column][\/et_pb_row][et_pb_row column_structure=&#8221;1_3,1_3,1_3&#8243; disabled_on=&#8221;off|off|off&#8221; _builder_version=&#8221;4.27.4&#8243; _module_preset=&#8221;default&#8221; custom_css_main_element=&#8221;text-align:center;&#8221; global_module=&#8221;13068&#8243; saved_tabs=&#8221;all&#8221; global_colors_info=&#8221;{}&#8221;][et_pb_column type=&#8221;1_3&#8243; _builder_version=&#8221;4.27.4&#8243; _module_preset=&#8221;default&#8221; global_colors_info=&#8221;{}&#8221;][et_pb_image src=&#8221;https:\/\/saate.es\/wp-content\/uploads\/2025\/03\/catalogo-fachada-ventilada-reblo_ca.jpg&#8221; title_text=&#8221;catalogo-fachada-ventilada-reblo_ca&#8221; url=&#8221;https:\/\/saate.es\/detalles-tecnicos\/ficha-tecnica-fachada-ventilada-remache.pdf&#8221; url_new_window=&#8221;on&#8221; use_overlay=&#8221;on&#8221; overlay_icon_color=&#8221;#6b6b6b&#8221; hover_overlay_color=&#8221;#d6d6d6&#8243; hover_icon=&#8221;&#xf063;||fa||900&#8243; _builder_version=&#8221;4.27.4&#8243; _module_preset=&#8221;default&#8221; box_shadow_style=&#8221;preset1&#8243; global_colors_info=&#8221;{}&#8221;][\/et_pb_image][\/et_pb_column][et_pb_column type=&#8221;1_3&#8243; _builder_version=&#8221;4.27.4&#8243; _module_preset=&#8221;default&#8221; global_colors_info=&#8221;{}&#8221;][et_pb_image src=&#8221;https:\/\/saate.es\/wp-content\/uploads\/2025\/03\/catalogo-fachada-ventilada-adhesiu_ca.jpg&#8221; title_text=&#8221;catalogo-fachada-ventilada-adhesiu_ca&#8221; url=&#8221;https:\/\/saate.es\/detalles-tecnicos\/ficha-tecnica-fachada-ventilada-adhesivo.pdf&#8221; url_new_window=&#8221;on&#8221; use_overlay=&#8221;on&#8221; overlay_icon_color=&#8221;#6b6b6b&#8221; hover_overlay_color=&#8221;#d6d6d6&#8243; hover_icon=&#8221;&#xf063;||fa||900&#8243; _builder_version=&#8221;4.27.4&#8243; _module_preset=&#8221;default&#8221; box_shadow_style=&#8221;preset1&#8243; global_colors_info=&#8221;{}&#8221;][\/et_pb_image][\/et_pb_column][et_pb_column type=&#8221;1_3&#8243; _builder_version=&#8221;4.27.4&#8243; _module_preset=&#8221;default&#8221; global_colors_info=&#8221;{}&#8221;][et_pb_image src=&#8221;https:\/\/saate.es\/wp-content\/uploads\/2025\/03\/catalogo-fachada-ventilada-grapa_ca.jpg&#8221; title_text=&#8221;catalogo-fachada-ventilada-grapa_ca&#8221; url=&#8221;https:\/\/saate.es\/detalles-tecnicos\/ficha-tecnica-fachada-ventilada-grapa.pdf&#8221; url_new_window=&#8221;on&#8221; use_overlay=&#8221;on&#8221; overlay_icon_color=&#8221;#6b6b6b&#8221; hover_overlay_color=&#8221;#d6d6d6&#8243; hover_icon=&#8221;&#xf063;||fa||900&#8243; _builder_version=&#8221;4.27.4&#8243; _module_preset=&#8221;default&#8221; box_shadow_style=&#8221;preset1&#8243; global_colors_info=&#8221;{}&#8221;][\/et_pb_image][\/et_pb_column][\/et_pb_row][\/et_pb_section]<\/p>\n","protected":false},"excerpt":{"rendered":"<a href='https:\/\/saate.es\/ca\/sistemes\/facana-ventilada\/pedra-natural\/'>A SAATE Premium Building Systems, oferim solucions de fa\u00e7anes ventilades amb pedra natural que combinen eleg\u00e0ncia i durabilitat. Els nostres sistemes milloren l&#8217;efici\u00e8ncia energ\u00e8tica i aporten un disseny atemporal al vostre edifici, garantint qualitat i innovaci\u00f3 en cada projecte.\n<\/a>... <a href='https:\/\/saate.es\/ca\/sistemes\/facana-ventilada\/pedra-natural\/'>Llegir m&eacute;s<\/a>.","protected":false},"author":1,"featured_media":0,"parent":0,"menu_order":0,"comment_status":"closed","ping_status":"closed","template":"","meta":{"_et_pb_use_builder":"on","_et_pb_old_content":"","_et_gb_content_width":"","footnotes":""},"class_list":["post-3437","page","type-page","status-publish"],"_links":{"self":[{"href":"https:\/\/saate.es\/ca\/wp-json\/wp\/v2\/pages\/3437","targetHints":{"allow":["GET"]}}],"collection":[{"href":"https:\/\/saate.es\/ca\/wp-json\/wp\/v2\/pages"}],"about":[{"href":"https:\/\/saate.es\/ca\/wp-json\/wp\/v2\/types\/page"}],"author":[{"embeddable":true,"href":"https:\/\/saate.es\/ca\/wp-json\/wp\/v2\/users\/1"}],"replies":[{"embeddable":true,"href":"https:\/\/saate.es\/ca\/wp-json\/wp\/v2\/comments?post=3437"}],"version-history":[{"count":26,"href":"https:\/\/saate.es\/ca\/wp-json\/wp\/v2\/pages\/3437\/revisions"}],"predecessor-version":[{"id":14162,"href":"https:\/\/saate.es\/ca\/wp-json\/wp\/v2\/pages\/3437\/revisions\/14162"}],"wp:attachment":[{"href":"https:\/\/saate.es\/ca\/wp-json\/wp\/v2\/media?parent=3437"}],"curies":[{"name":"wp","href":"https:\/\/api.w.org\/{rel}","templated":true}]}}