{"id":3449,"date":"2019-02-19T08:04:22","date_gmt":"2019-02-19T07:04:22","guid":{"rendered":"https:\/\/saate.es\/fachada-ventilada-de-gres-extruido\/"},"modified":"2025-06-01T18:36:24","modified_gmt":"2025-06-01T16:36:24","slug":"fachada-ventilada-de-gres-extruido","status":"publish","type":"page","link":"https:\/\/saate.es\/ca\/sistemes\/facana-ventilada\/gres-extruit\/","title":{"rendered":"Fa\u00e7ana ventilada de gres extru\u00eft"},"content":{"rendered":"<p>[et_pb_section fb_built=&#8221;1&#8243; _builder_version=&#8221;4.16&#8243; global_colors_info=&#8221;{}&#8221;][et_pb_row column_structure=&#8221;1_2,1_2&#8243; _builder_version=&#8221;4.16&#8243; background_size=&#8221;initial&#8221; background_position=&#8221;top_left&#8221; background_repeat=&#8221;repeat&#8221; global_colors_info=&#8221;{}&#8221;][et_pb_column type=&#8221;1_2&#8243; _builder_version=&#8221;4.16&#8243; custom_padding=&#8221;|||&#8221; global_colors_info=&#8221;{}&#8221; custom_padding__hover=&#8221;|||&#8221;][et_pb_image src=&#8221;https:\/\/saate.es\/wp-content\/uploads\/2019\/02\/fachada_ventilada_gres_extruido_frontek_muestra_1.jpg&#8221; align_tablet=&#8221;center&#8221; align_phone=&#8221;&#8221; align_last_edited=&#8221;on|desktop&#8221; module_class=&#8221;imatgesColumnaEsquerra&#8221; _builder_version=&#8221;4.16&#8243; global_colors_info=&#8221;{}&#8221;][\/et_pb_image][et_pb_image src=&#8221;https:\/\/saate.es\/wp-content\/uploads\/2019\/02\/fachada_ventilada_gres_extruido_frontek_muestra_2.jpg&#8221; align_tablet=&#8221;center&#8221; align_phone=&#8221;&#8221; align_last_edited=&#8221;on|desktop&#8221; module_class=&#8221;imatgesColumnaEsquerra&#8221; _builder_version=&#8221;4.16&#8243; global_colors_info=&#8221;{}&#8221;][\/et_pb_image][\/et_pb_column][et_pb_column type=&#8221;1_2&#8243; _builder_version=&#8221;4.16&#8243; custom_padding=&#8221;|||&#8221; global_colors_info=&#8221;{}&#8221; custom_padding__hover=&#8221;|||&#8221;][et_pb_text _builder_version=&#8221;4.27.4&#8243; global_colors_info=&#8221;{}&#8221;]<\/p>\n<h2>Descripci\u00f3 de gres extru\u00eft Frontek<\/h2>\n<p>Frontek \u00e9s una exclusiva pe\u00e7a de cer\u00e0mica extrusionada desenvolupada pel Grup Greco Gres Internacional.<\/p>\n<p>Aquesta pe\u00e7a es caracteritza per unes qualitats t\u00e8cniques que la posicionen com una de les millors eleccions per a la seva fa\u00e7ana: gran duresa, lleugeresa, alta resist\u00e8ncia, durabilitat, i una baixa absorci\u00f3 d&#8217;aigua.<\/p>\n<p>Aquesta pe\u00e7a cer\u00e0mica es diferencia d&#8217;altres materials cer\u00e0mics per la seva estructura alveolar i per ser una de les poques peces cer\u00e0miques de mercat que est\u00e0 especialment dissenyada per a formar part d&#8217;una fa\u00e7ana ventilada.<\/p>\n<p>L&#8217;\u00e9sser una pe\u00e7a especialment dissenyada per ser col\u00b7locada a la fa\u00e7ana ventilada garanteix una fixaci\u00f3 \u00f2ptima a l&#8217;estructura, sense necessitat de talls o perforacions addicionals que poguessin debilitar la seva resist\u00e8ncia.<\/p>\n<h3><\/h3>\n<h3><strong>Dimensions<\/strong><\/h3>\n<p>Disposa de tres formats est\u00e0ndard: 600 x 405 mm, 800 x 405 mm, 1000 x 1860 mm. I la possibilitat (sota comanda) de formats fins a 1800 x 600 mm.<\/p>\n<p>I un gruix: 20mm.<\/p>\n<h3><\/h3>\n<h3><strong>Atenci\u00f3 personalitzada<\/strong><\/h3>\n<p>El nostre equip t\u00e8cnic queda a la seva disposici\u00f3 per assessorar-li a l&#8217;respecte.<\/p>\n<p>[\/et_pb_text][\/et_pb_column][\/et_pb_row][et_pb_row _builder_version=&#8221;4.16&#8243; background_size=&#8221;initial&#8221; background_position=&#8221;top_left&#8221; background_repeat=&#8221;repeat&#8221; global_colors_info=&#8221;{}&#8221;][et_pb_column type=&#8221;4_4&#8243; _builder_version=&#8221;4.16&#8243; custom_padding=&#8221;|||&#8221; global_colors_info=&#8221;{}&#8221; custom_padding__hover=&#8221;|||&#8221;][et_pb_image src=&#8221;https:\/\/saate.es\/wp-content\/uploads\/2019\/02\/fachada_ventilada_gres_extruido_frontek_muestra_3.jpg&#8221; align_tablet=&#8221;center&#8221; align_phone=&#8221;&#8221; align_last_edited=&#8221;on|desktop&#8221; _builder_version=&#8221;4.16&#8243; global_colors_info=&#8221;{}&#8221;][\/et_pb_image][\/et_pb_column][\/et_pb_row][et_pb_row column_structure=&#8221;1_2,1_2&#8243; _builder_version=&#8221;4.16&#8243; background_size=&#8221;initial&#8221; background_position=&#8221;top_left&#8221; background_repeat=&#8221;repeat&#8221; global_colors_info=&#8221;{}&#8221;][et_pb_column type=&#8221;1_2&#8243; _builder_version=&#8221;4.16&#8243; custom_padding=&#8221;|||&#8221; global_colors_info=&#8221;{}&#8221; custom_padding__hover=&#8221;|||&#8221;][et_pb_text _builder_version=&#8221;4.27.4&#8243; hover_enabled=&#8221;0&#8243; global_colors_info=&#8221;{}&#8221; sticky_enabled=&#8221;0&#8243;]<\/p>\n<h2>Tipus d&#8217;ancoratge<\/h2>\n<p>Els nostres sistemes ofereixen una gran varietat d&#8217;ancoratges, ens podem adaptar a qualsevol tipus de fa\u00e7ana:<\/p>\n<ul>\n<li><span style=\"font-size: 18px;\">Ancoratge ocult mitjan\u00e7ant grapa.<\/span><\/li>\n<\/ul>\n<p style=\"padding-left: 30px; font-size: 18px;\">Les peces de gres extru\u00eft seran fixats als perfils verticals d&#8217;alumini amb grapes ocultes lacades en negre.<\/p>\n<ul>\n<li><span style=\"font-size: 18px;\">Ancoratge ocult mitjan\u00e7ant perfil continu.<\/span><\/li>\n<\/ul>\n<p style=\"padding-left: 30px; font-size: 18px;\">Les peces de gres extru\u00eft seran fixats als perfils verticals d&#8217;alumini amb un perfil continu d&#8217;alumini.<\/p>\n<p>Posem la nostra experi\u00e8ncia a la seva disposici\u00f3 per dissenyar i col\u00b7laborar amb un vost\u00e8 en la realitzaci\u00f3 de fa\u00e7anes ventilades singulars i diferenciadores.<\/p>\n<img loading=\"lazy\" decoding=\"async\" src=\"https:\/\/saate.es\/wp-content\/uploads\/2019\/02\/fachada_ventilada_gres_extruido_frontek_muestra_4-150x150.jpg\" alt=\"\" width=\"300\" height=\"189\" class=\"alignnone size-medium wp-image-2569\" \/>\n<p>&nbsp;<\/p>\n<div class=\"gold_box\"><a href=\"\/ca\/projectes\/facana-ventilada\/unifamiliars\/\">Veure projectes realitzats<\/a><\/div>\n<p>[\/et_pb_text][\/et_pb_column][et_pb_column type=&#8221;1_2&#8243; _builder_version=&#8221;4.16&#8243; custom_padding=&#8221;|||&#8221; global_colors_info=&#8221;{}&#8221; custom_padding__hover=&#8221;|||&#8221;][et_pb_text _builder_version=&#8221;4.27.4&#8243; global_colors_info=&#8221;{}&#8221;]<\/p>\n<h2>Principals avantatges<\/h2>\n<ul>\n<li><span style=\"font-size: 18px;\">Panell lleuger.<\/span><\/li>\n<li><span style=\"font-size: 18px;\">\u00c0mplia varietat de textures i acabats.<\/span><\/li>\n<li><span style=\"font-size: 18px;\">Excel\u00b7lent relaci\u00f3 qualitat preu.<\/span><\/li>\n<li><span style=\"font-size: 18px;\">Panell altament resistent.<\/span><\/li>\n<\/ul>\n<p>&nbsp;<\/p>\n<h2>Avantatges econ\u00f2mics<\/h2>\n<ul>\n<li><span style=\"font-size: 18px;\">Estalvi d&#8217;energia.<\/span><\/li>\n<li><span style=\"font-size: 18px;\">Superf\u00edcie lliure interior utilitzable.<\/span><\/li>\n<li><span style=\"font-size: 18px;\">Increment en el valor d&#8217;edifici.<\/span><\/li>\n<\/ul>\n<p>&nbsp;<\/p>\n<h2>Aplicacions<\/h2>\n<ul>\n<li><span style=\"font-size: 18px;\">Obra nova.<\/span><\/li>\n<li><span style=\"font-size: 18px;\">Rehabilitaci\u00f3.<\/span><\/li>\n<\/ul>\n<img loading=\"lazy\" decoding=\"async\" src=\"https:\/\/saate.es\/wp-content\/uploads\/2019\/02\/fachada_ventilada_gres_extruido_frontek_logo-300x93.png\" alt=\"\" width=\"300\" height=\"93\" class=\"alignnone size-medium wp-image-2570\" srcset=\"https:\/\/saate.es\/wp-content\/uploads\/2019\/02\/fachada_ventilada_gres_extruido_frontek_logo-300x93.png 300w, https:\/\/saate.es\/wp-content\/uploads\/2019\/02\/fachada_ventilada_gres_extruido_frontek_logo.png 658w\" sizes=\"(max-width: 300px) 100vw, 300px\" \/>\n<p>[\/et_pb_text][\/et_pb_column][\/et_pb_row][et_pb_row _builder_version=&#8221;4.16&#8243; background_size=&#8221;initial&#8221; background_position=&#8221;top_left&#8221; background_repeat=&#8221;repeat&#8221; global_module=&#8221;13113&#8243; global_colors_info=&#8221;{}&#8221;][et_pb_column type=&#8221;4_4&#8243; _builder_version=&#8221;4.16&#8243; custom_padding=&#8221;|||&#8221; global_colors_info=&#8221;{}&#8221; custom_padding__hover=&#8221;|||&#8221;][et_pb_text _builder_version=&#8221;4.27.4&#8243; global_colors_info=&#8221;{}&#8221;]<\/p>\n<h2>Explora les nostres solucions \u2013 Descarrega el cat\u00e0leg<\/h2>\n<p>[\/et_pb_text][\/et_pb_column][\/et_pb_row][et_pb_row column_structure=&#8221;1_3,1_3,1_3&#8243; _builder_version=&#8221;4.27.4&#8243; _module_preset=&#8221;default&#8221; global_module=&#8221;13099&#8243; saved_tabs=&#8221;all&#8221; global_colors_info=&#8221;{}&#8221;][et_pb_column type=&#8221;1_3&#8243; _builder_version=&#8221;4.27.4&#8243; _module_preset=&#8221;default&#8221; global_colors_info=&#8221;{}&#8221;][et_pb_image src=&#8221;https:\/\/saate.es\/wp-content\/uploads\/2025\/03\/cataleg_facana_ventilada_cases.jpg&#8221; alt=&#8221;Descarregui el cat\u00e0leg de Cases Unifamiliars&#8221; title_text=&#8221;cataleg_facana_ventilada_cases&#8221; url=&#8221;https:\/\/saate.es\/detalles-tecnicos\/catalogo-fachada-ventilada-unifamiliares.pdf&#8221; use_overlay=&#8221;on&#8221; overlay_icon_color=&#8221;#6B6B6B&#8221; hover_overlay_color=&#8221;#D6D6D6&#8243; hover_icon=&#8221;&#xf063;||fa||900&#8243; _builder_version=&#8221;4.27.4&#8243; _module_preset=&#8221;default&#8221; background_enable_image=&#8221;off&#8221; background_size=&#8221;contain&#8221; border_color_all=&#8221;#8F8F8F&#8221; box_shadow_style=&#8221;preset1&#8243; global_colors_info=&#8221;{}&#8221;][\/et_pb_image][\/et_pb_column][et_pb_column type=&#8221;1_3&#8243; _builder_version=&#8221;4.27.4&#8243; _module_preset=&#8221;default&#8221; global_colors_info=&#8221;{}&#8221;][et_pb_image src=&#8221;https:\/\/saate.es\/wp-content\/uploads\/2025\/03\/cataleg_facana_ventilada_residencials.jpg&#8221; alt=&#8221;Descarregui el cat\u00e0leg d&#8217;Edificis Residencials&#8221; title_text=&#8221;cataleg_facana_ventilada_residencials&#8221; url=&#8221;https:\/\/saate.es\/detalles-tecnicos\/catalogo-fachada-ventilada-residenciales.pdf&#8221; use_overlay=&#8221;on&#8221; overlay_icon_color=&#8221;#6B6B6B&#8221; hover_overlay_color=&#8221;#D6D6D6&#8243; hover_icon=&#8221;&#xf063;||fa||900&#8243; _builder_version=&#8221;4.27.4&#8243; _module_preset=&#8221;default&#8221; background_enable_image=&#8221;off&#8221; background_size=&#8221;contain&#8221; box_shadow_style=&#8221;preset1&#8243; global_colors_info=&#8221;{}&#8221;][\/et_pb_image][\/et_pb_column][et_pb_column type=&#8221;1_3&#8243; _builder_version=&#8221;4.27.4&#8243; _module_preset=&#8221;default&#8221; global_colors_info=&#8221;{}&#8221;][et_pb_image src=&#8221;https:\/\/saate.es\/wp-content\/uploads\/2025\/03\/cataleg_facana_ventilada_no_residencials.jpg&#8221; alt=&#8221;Descarregui el cat\u00e0leg d&#8217;Edificis No Residencials&#8221; title_text=&#8221;cataleg_facana_ventilada_no_residencials&#8221; url=&#8221;https:\/\/saate.es\/detalles-tecnicos\/catalogo-fachada-ventilada-no-residenciales.pdf&#8221; use_overlay=&#8221;on&#8221; overlay_icon_color=&#8221;#6B6B6B&#8221; hover_overlay_color=&#8221;#D6D6D6&#8243; hover_icon=&#8221;&#xf063;||fa||900&#8243; _builder_version=&#8221;4.27.4&#8243; _module_preset=&#8221;default&#8221; background_enable_image=&#8221;off&#8221; background_size=&#8221;contain&#8221; box_shadow_style=&#8221;preset1&#8243; global_colors_info=&#8221;{}&#8221;][\/et_pb_image][\/et_pb_column][\/et_pb_row][et_pb_row _builder_version=&#8221;4.16&#8243; background_size=&#8221;initial&#8221; background_position=&#8221;top_left&#8221; background_repeat=&#8221;repeat&#8221; global_module=&#8221;13084&#8243; global_colors_info=&#8221;{}&#8221;][et_pb_column type=&#8221;4_4&#8243; _builder_version=&#8221;4.16&#8243; custom_padding=&#8221;|||&#8221; global_colors_info=&#8221;{}&#8221; custom_padding__hover=&#8221;|||&#8221;][et_pb_text _builder_version=&#8221;4.27.4&#8243; global_colors_info=&#8221;{}&#8221;]<\/p>\n<h2>Descarrega la nostra documentaci\u00f3 t\u00e8cnica<\/h2>\n<p>[\/et_pb_text][\/et_pb_column][\/et_pb_row][et_pb_row column_structure=&#8221;1_3,1_3,1_3&#8243; disabled_on=&#8221;off|off|off&#8221; _builder_version=&#8221;4.27.4&#8243; _module_preset=&#8221;default&#8221; custom_css_main_element=&#8221;text-align:center;&#8221; global_module=&#8221;13068&#8243; saved_tabs=&#8221;all&#8221; global_colors_info=&#8221;{}&#8221;][et_pb_column type=&#8221;1_3&#8243; _builder_version=&#8221;4.27.4&#8243; _module_preset=&#8221;default&#8221; global_colors_info=&#8221;{}&#8221;][et_pb_image src=&#8221;https:\/\/saate.es\/wp-content\/uploads\/2025\/03\/catalogo-fachada-ventilada-reblo_ca.jpg&#8221; title_text=&#8221;catalogo-fachada-ventilada-reblo_ca&#8221; url=&#8221;https:\/\/saate.es\/detalles-tecnicos\/ficha-tecnica-fachada-ventilada-remache.pdf&#8221; url_new_window=&#8221;on&#8221; use_overlay=&#8221;on&#8221; overlay_icon_color=&#8221;#6b6b6b&#8221; hover_overlay_color=&#8221;#d6d6d6&#8243; hover_icon=&#8221;&#xf063;||fa||900&#8243; _builder_version=&#8221;4.27.4&#8243; _module_preset=&#8221;default&#8221; box_shadow_style=&#8221;preset1&#8243; global_colors_info=&#8221;{}&#8221;][\/et_pb_image][\/et_pb_column][et_pb_column type=&#8221;1_3&#8243; _builder_version=&#8221;4.27.4&#8243; _module_preset=&#8221;default&#8221; global_colors_info=&#8221;{}&#8221;][et_pb_image src=&#8221;https:\/\/saate.es\/wp-content\/uploads\/2025\/03\/catalogo-fachada-ventilada-adhesiu_ca.jpg&#8221; title_text=&#8221;catalogo-fachada-ventilada-adhesiu_ca&#8221; url=&#8221;https:\/\/saate.es\/detalles-tecnicos\/ficha-tecnica-fachada-ventilada-adhesivo.pdf&#8221; url_new_window=&#8221;on&#8221; use_overlay=&#8221;on&#8221; overlay_icon_color=&#8221;#6b6b6b&#8221; hover_overlay_color=&#8221;#d6d6d6&#8243; hover_icon=&#8221;&#xf063;||fa||900&#8243; _builder_version=&#8221;4.27.4&#8243; _module_preset=&#8221;default&#8221; box_shadow_style=&#8221;preset1&#8243; global_colors_info=&#8221;{}&#8221;][\/et_pb_image][\/et_pb_column][et_pb_column type=&#8221;1_3&#8243; _builder_version=&#8221;4.27.4&#8243; _module_preset=&#8221;default&#8221; global_colors_info=&#8221;{}&#8221;][et_pb_image src=&#8221;https:\/\/saate.es\/wp-content\/uploads\/2025\/03\/catalogo-fachada-ventilada-grapa_ca.jpg&#8221; title_text=&#8221;catalogo-fachada-ventilada-grapa_ca&#8221; url=&#8221;https:\/\/saate.es\/detalles-tecnicos\/ficha-tecnica-fachada-ventilada-grapa.pdf&#8221; url_new_window=&#8221;on&#8221; use_overlay=&#8221;on&#8221; overlay_icon_color=&#8221;#6b6b6b&#8221; hover_overlay_color=&#8221;#d6d6d6&#8243; hover_icon=&#8221;&#xf063;||fa||900&#8243; _builder_version=&#8221;4.27.4&#8243; _module_preset=&#8221;default&#8221; box_shadow_style=&#8221;preset1&#8243; global_colors_info=&#8221;{}&#8221;][\/et_pb_image][\/et_pb_column][\/et_pb_row][\/et_pb_section]<\/p>\n","protected":false},"excerpt":{"rendered":"<a href='https:\/\/saate.es\/ca\/sistemes\/facana-ventilada\/gres-extruit\/'>A SAATE Premium Building Systems, oferim solucions de fa\u00e7anes ventilades amb gres extru\u00eft que combinen durabilitat i est\u00e8tica. Els nostres sistemes milloren l&#8217;efici\u00e8ncia energ\u00e8tica i compleixen els est\u00e0ndards m\u00e9s alts de qualitat en construcci\u00f3. Confieu en la nostra experi\u00e8ncia per a projectes innovadors i sostenibles.\n<\/a>... <a href='https:\/\/saate.es\/ca\/sistemes\/facana-ventilada\/gres-extruit\/'>Llegir m&eacute;s<\/a>.","protected":false},"author":1,"featured_media":0,"parent":0,"menu_order":0,"comment_status":"closed","ping_status":"closed","template":"","meta":{"_et_pb_use_builder":"on","_et_pb_old_content":"","_et_gb_content_width":"","footnotes":""},"class_list":["post-3449","page","type-page","status-publish"],"_links":{"self":[{"href":"https:\/\/saate.es\/ca\/wp-json\/wp\/v2\/pages\/3449","targetHints":{"allow":["GET"]}}],"collection":[{"href":"https:\/\/saate.es\/ca\/wp-json\/wp\/v2\/pages"}],"about":[{"href":"https:\/\/saate.es\/ca\/wp-json\/wp\/v2\/types\/page"}],"author":[{"embeddable":true,"href":"https:\/\/saate.es\/ca\/wp-json\/wp\/v2\/users\/1"}],"replies":[{"embeddable":true,"href":"https:\/\/saate.es\/ca\/wp-json\/wp\/v2\/comments?post=3449"}],"version-history":[{"count":24,"href":"https:\/\/saate.es\/ca\/wp-json\/wp\/v2\/pages\/3449\/revisions"}],"predecessor-version":[{"id":14160,"href":"https:\/\/saate.es\/ca\/wp-json\/wp\/v2\/pages\/3449\/revisions\/14160"}],"wp:attachment":[{"href":"https:\/\/saate.es\/ca\/wp-json\/wp\/v2\/media?parent=3449"}],"curies":[{"name":"wp","href":"https:\/\/api.w.org\/{rel}","templated":true}]}}